{"id":8429,"date":"2020-11-22T13:23:34","date_gmt":"2020-11-22T12:23:34","guid":{"rendered":"http:\/\/www.vomi.de\/?post_type=wpfc_sermon&#038;p=8429"},"modified":"2024-05-07T19:02:11","modified_gmt":"2024-05-07T19:02:11","slug":"corona-ueberleben","status":"publish","type":"wpfc_sermon","link":"https:\/\/podcast.hope-kirche.de\/index.php\/sermons\/corona-ueberleben\/","title":{"rendered":"&#8222;Ewigkeit&#8220; Teil 4: Predigtinterview &#8222;Corona \u00fcberleben&#8220;"},"content":{"rendered":"<p>Andi lag vier Wochen im Koma aufgrund einer COVID-19 &#8211; Infektion, nachdem er im M\u00e4rz zu den ersten Corona-Patienten geh\u00f6rte. Dominik arbeitet als Intensivkrankenpfleger beruflich mit Coronapatienten.<\/p>\n<p>Hier h\u00f6ren wir ihre Geschichte. Eine Geschichte voller Hochs und Tiefs, die uns die Realit\u00e4t des Coronavirus, aber v.a. auch einen Glauben an Gott, der gr\u00f6\u00dfer als das Coronavirus ist, zeigt.<\/p>\n","protected":false},"excerpt":{"rendered":"<p>Andi lag vier Wochen im Koma aufgrund einer COVID-19 &#8211; Infektion, nachdem er im M\u00e4rz zu den ersten Corona-Patienten geh\u00f6rte. Dominik arbeitet als Intensivkrankenpfleger beruflich mit Coronapatienten. Hier h\u00f6ren wir ihre Geschichte. Eine Geschichte voller Hochs und Tiefs, die uns die Realit\u00e4t des Coronavirus, aber v.a. auch einen Glauben an Gott, der gr\u00f6\u00dfer als das [&hellip;]<\/p>\n","protected":false},"author":4,"featured_media":8434,"comment_status":"closed","ping_status":"closed","template":"","wpfc_preacher":[16,54,193,220],"wpfc_sermon_series":[67],"wpfc_sermon_topics":[31,138],"wpfc_bible_book":[201],"wpfc_service_type":[],"class_list":["wpfc_preacher-andreas-chatzis","wpfc_preacher-dominik-nachtrieb","wpfc_preacher-petra-chatzis","wpfc_preacher-stefan-uhlig","wpfc_sermon_series-ewigkeit","wpfc_bible_book-psalmen","wpfc_sermon_topics-corona","wpfc_sermon_topics-leben-und-tod","wpfc-sermon-single","post-8429","wpfc_sermon","type-wpfc_sermon","status-publish","has-post-thumbnail","hentry"],"sermon_audio":"https:\/\/vomi-wordpress-media.s3.eu-central-1.amazonaws.com\/podcast\/2022\/09\/25195841\/T101-TASCAM011.mp3","sermon_audio_duration":"01:04:23","_views":"396","bible_passage":"Psalm 90,12","sermon_video_embed":"","sermon_video_url":"","sermon_bulletin":"","_featured_url":"https:\/\/vomi-wordpress-media.s3.eu-central-1.amazonaws.com\/podcast\/2020\/11\/25065437\/INSTA_FEED_THEMA4_Ewigkeit.jpg","sermon_date":1606051414,"_sermon_date_auto":false,"_links":{"self":[{"href":"https:\/\/podcast.hope-kirche.de\/index.php\/wp-json\/wp\/v2\/wpfc_sermon\/8429","targetHints":{"allow":["GET"]}}],"collection":[{"href":"https:\/\/podcast.hope-kirche.de\/index.php\/wp-json\/wp\/v2\/wpfc_sermon"}],"about":[{"href":"https:\/\/podcast.hope-kirche.de\/index.php\/wp-json\/wp\/v2\/types\/wpfc_sermon"}],"author":[{"embeddable":true,"href":"https:\/\/podcast.hope-kirche.de\/index.php\/wp-json\/wp\/v2\/users\/4"}],"replies":[{"embeddable":true,"href":"https:\/\/podcast.hope-kirche.de\/index.php\/wp-json\/wp\/v2\/comments?post=8429"}],"version-history":[{"count":4,"href":"https:\/\/podcast.hope-kirche.de\/index.php\/wp-json\/wp\/v2\/wpfc_sermon\/8429\/revisions"}],"predecessor-version":[{"id":13450,"href":"https:\/\/podcast.hope-kirche.de\/index.php\/wp-json\/wp\/v2\/wpfc_sermon\/8429\/revisions\/13450"}],"wp:featuredmedia":[{"embeddable":true,"href":"https:\/\/podcast.hope-kirche.de\/index.php\/wp-json\/wp\/v2\/media\/8434"}],"wp:attachment":[{"href":"https:\/\/podcast.hope-kirche.de\/index.php\/wp-json\/wp\/v2\/media?parent=8429"}],"wp:term":[{"taxonomy":"wpfc_preacher","embeddable":true,"href":"https:\/\/podcast.hope-kirche.de\/index.php\/wp-json\/wp\/v2\/wpfc_preacher?post=8429"},{"taxonomy":"wpfc_sermon_series","embeddable":true,"href":"https:\/\/podcast.hope-kirche.de\/index.php\/wp-json\/wp\/v2\/wpfc_sermon_series?post=8429"},{"taxonomy":"wpfc_sermon_topics","embeddable":true,"href":"https:\/\/podcast.hope-kirche.de\/index.php\/wp-json\/wp\/v2\/wpfc_sermon_topics?post=8429"},{"taxonomy":"wpfc_bible_book","embeddable":true,"href":"https:\/\/podcast.hope-kirche.de\/index.php\/wp-json\/wp\/v2\/wpfc_bible_book?post=8429"},{"taxonomy":"wpfc_service_type","embeddable":true,"href":"https:\/\/podcast.hope-kirche.de\/index.php\/wp-json\/wp\/v2\/wpfc_service_type?post=8429"}],"curies":[{"name":"wp","href":"https:\/\/api.w.org\/{rel}","templated":true}]}}